{"id":320,"date":"2021-07-28T18:44:46","date_gmt":"2021-07-28T18:44:46","guid":{"rendered":"http:\/\/pablogarcialopez.es\/?page_id=320"},"modified":"2025-08-01T14:53:03","modified_gmt":"2025-08-01T14:53:03","slug":"biografia","status":"publish","type":"page","link":"https:\/\/pablogarcialopez.es\/en\/biografia\/","title":{"rendered":"Biography"},"content":{"rendered":"\t\t<div data-elementor-type=\"wp-page\" data-elementor-id=\"320\" class=\"elementor elementor-320\" data-elementor-post-type=\"page\">\n\t\t\t\t\t\t<section class=\"elementor-section elementor-top-section elementor-element elementor-element-5c210d6 elementor-hidden-phone elementor-section-boxed elementor-section-height-default elementor-section-height-default\" data-id=\"5c210d6\" data-element_type=\"section\" data-e-type=\"section\" data-settings=\"{&quot;jet_parallax_layout_list&quot;:[{&quot;jet_parallax_layout_image&quot;:{&quot;url&quot;:&quot;&quot;,&quot;id&quot;:&quot;&quot;,&quot;size&quot;:&quot;&quot;},&quot;_id&quot;:&quot;5bc45e0&quot;,&quot;jet_parallax_layout_image_tablet&quot;:{&quot;url&quot;:&quot;&quot;,&quot;id&quot;:&quot;&quot;,&quot;size&quot;:&quot;&quot;},&quot;jet_parallax_layout_image_mobile&quot;:{&quot;url&quot;:&quot;&quot;,&quot;id&quot;:&quot;&quot;,&quot;size&quot;:&quot;&quot;},&quot;jet_parallax_layout_speed&quot;:{&quot;unit&quot;:&quot;%&quot;,&quot;size&quot;:50,&quot;sizes&quot;:[]},&quot;jet_parallax_layout_type&quot;:&quot;scroll&quot;,&quot;jet_parallax_layout_direction&quot;:null,&quot;jet_parallax_layout_fx_direction&quot;:null,&quot;jet_parallax_layout_z_index&quot;:&quot;&quot;,&quot;jet_parallax_layout_bg_x&quot;:50,&quot;jet_parallax_layout_bg_x_tablet&quot;:&quot;&quot;,&quot;jet_parallax_layout_bg_x_mobile&quot;:&quot;&quot;,&quot;jet_parallax_layout_bg_y&quot;:50,&quot;jet_parallax_layout_bg_y_tablet&quot;:&quot;&quot;,&quot;jet_parallax_layout_bg_y_mobile&quot;:&quot;&quot;,&quot;jet_parallax_layout_bg_size&quot;:&quot;auto&quot;,&quot;jet_parallax_layout_bg_size_tablet&quot;:&quot;&quot;,&quot;jet_parallax_layout_bg_size_mobile&quot;:&quot;&quot;,&quot;jet_parallax_layout_animation_prop&quot;:&quot;transform&quot;,&quot;jet_parallax_layout_on&quot;:[&quot;desktop&quot;,&quot;tablet&quot;]}]}\">\n\t\t\t\t\t\t<div class=\"elementor-container elementor-column-gap-default\">\n\t\t\t\t\t<div class=\"elementor-column elementor-col-100 elementor-top-column elementor-element elementor-element-e9ac8dd\" data-id=\"e9ac8dd\" data-element_type=\"column\" data-e-type=\"column\">\n\t\t\t<div class=\"elementor-widget-wrap elementor-element-populated\">\n\t\t\t\t\t\t<div class=\"elementor-element elementor-element-4e9a55f elementor-hidden-phone elementor-widget elementor-widget-spacer\" data-id=\"4e9a55f\" data-element_type=\"widget\" data-e-type=\"widget\" data-widget_type=\"spacer.default\">\n\t\t\t\t<div class=\"elementor-widget-container\">\n\t\t\t\t\t\t\t<div class=\"elementor-spacer\">\n\t\t\t<div class=\"elementor-spacer-inner\"><\/div>\n\t\t<\/div>\n\t\t\t\t\t\t<\/div>\n\t\t\t\t<\/div>\n\t\t\t\t\t<\/div>\n\t\t<\/div>\n\t\t\t\t\t<\/div>\n\t\t<\/section>\n\t\t\t\t<section class=\"elementor-section elementor-top-section elementor-element elementor-element-f2077b3 elementor-section-height-min-height elementor-section-boxed elementor-section-height-default elementor-section-items-middle\" data-id=\"f2077b3\" data-element_type=\"section\" data-e-type=\"section\" data-settings=\"{&quot;jet_parallax_layout_list&quot;:[{&quot;jet_parallax_layout_image&quot;:{&quot;url&quot;:&quot;&quot;,&quot;id&quot;:&quot;&quot;,&quot;size&quot;:&quot;&quot;},&quot;_id&quot;:&quot;a3910b0&quot;,&quot;jet_parallax_layout_image_tablet&quot;:{&quot;url&quot;:&quot;&quot;,&quot;id&quot;:&quot;&quot;,&quot;size&quot;:&quot;&quot;},&quot;jet_parallax_layout_image_mobile&quot;:{&quot;url&quot;:&quot;&quot;,&quot;id&quot;:&quot;&quot;,&quot;size&quot;:&quot;&quot;},&quot;jet_parallax_layout_speed&quot;:{&quot;unit&quot;:&quot;%&quot;,&quot;size&quot;:50,&quot;sizes&quot;:[]},&quot;jet_parallax_layout_type&quot;:&quot;scroll&quot;,&quot;jet_parallax_layout_direction&quot;:null,&quot;jet_parallax_layout_fx_direction&quot;:null,&quot;jet_parallax_layout_z_index&quot;:&quot;&quot;,&quot;jet_parallax_layout_bg_x&quot;:50,&quot;jet_parallax_layout_bg_x_tablet&quot;:&quot;&quot;,&quot;jet_parallax_layout_bg_x_mobile&quot;:&quot;&quot;,&quot;jet_parallax_layout_bg_y&quot;:50,&quot;jet_parallax_layout_bg_y_tablet&quot;:&quot;&quot;,&quot;jet_parallax_layout_bg_y_mobile&quot;:&quot;&quot;,&quot;jet_parallax_layout_bg_size&quot;:&quot;auto&quot;,&quot;jet_parallax_layout_bg_size_tablet&quot;:&quot;&quot;,&quot;jet_parallax_layout_bg_size_mobile&quot;:&quot;&quot;,&quot;jet_parallax_layout_animation_prop&quot;:&quot;transform&quot;,&quot;jet_parallax_layout_on&quot;:[&quot;desktop&quot;,&quot;tablet&quot;]}],&quot;background_background&quot;:&quot;classic&quot;}\">\n\t\t\t\t\t\t\t<div class=\"elementor-background-overlay\"><\/div>\n\t\t\t\t\t\t\t<div class=\"elementor-container elementor-column-gap-default\">\n\t\t\t\t\t<div class=\"elementor-column elementor-col-50 elementor-top-column elementor-element elementor-element-da923e0\" data-id=\"da923e0\" data-element_type=\"column\" data-e-type=\"column\">\n\t\t\t<div class=\"elementor-widget-wrap elementor-element-populated\">\n\t\t\t\t\t\t<div class=\"elementor-element elementor-element-19b3be6 elementor-absolute rotate elementor-widget__width-initial elementor-hidden-phone elementor-widget elementor-widget-heading\" data-id=\"19b3be6\" data-element_type=\"widget\" data-e-type=\"widget\" data-settings=\"{&quot;_position&quot;:&quot;absolute&quot;}\" data-widget_type=\"heading.default\">\n\t\t\t\t<div class=\"elementor-widget-container\">\n\t\t\t\t\t<h2 class=\"elementor-heading-title elementor-size-default\">Biograf\u00eda<\/h2>\t\t\t\t<\/div>\n\t\t\t\t<\/div>\n\t\t\t\t<div class=\"elementor-element elementor-element-032b7e9 elementor-hidden-desktop elementor-hidden-tablet elementor-widget elementor-widget-heading\" data-id=\"032b7e9\" data-element_type=\"widget\" data-e-type=\"widget\" data-widget_type=\"heading.default\">\n\t\t\t\t<div class=\"elementor-widget-container\">\n\t\t\t\t\t<h2 class=\"elementor-heading-title elementor-size-default\">Biograf\u00eda<\/h2>\t\t\t\t<\/div>\n\t\t\t\t<\/div>\n\t\t\t\t\t<\/div>\n\t\t<\/div>\n\t\t\t\t<div class=\"elementor-column elementor-col-50 elementor-top-column elementor-element elementor-element-d2729a2\" data-id=\"d2729a2\" data-element_type=\"column\" data-e-type=\"column\" data-settings=\"{&quot;background_background&quot;:&quot;classic&quot;}\">\n\t\t\t<div class=\"elementor-widget-wrap elementor-element-populated\">\n\t\t\t\t\t\t<div class=\"elementor-element elementor-element-40cb231 animated-slow elementor-invisible elementor-widget elementor-widget-image\" data-id=\"40cb231\" data-element_type=\"widget\" data-e-type=\"widget\" data-settings=\"{&quot;motion_fx_motion_fx_scrolling&quot;:&quot;yes&quot;,&quot;motion_fx_translateY_direction&quot;:&quot;negative&quot;,&quot;motion_fx_translateY_affectedRange&quot;:{&quot;unit&quot;:&quot;%&quot;,&quot;size&quot;:&quot;&quot;,&quot;sizes&quot;:{&quot;start&quot;:19,&quot;end&quot;:79}},&quot;_animation&quot;:&quot;fadeIn&quot;,&quot;_animation_delay&quot;:100,&quot;motion_fx_translateY_effect&quot;:&quot;yes&quot;,&quot;motion_fx_translateY_speed&quot;:{&quot;unit&quot;:&quot;px&quot;,&quot;size&quot;:4,&quot;sizes&quot;:[]},&quot;motion_fx_devices&quot;:[&quot;desktop&quot;,&quot;tablet&quot;,&quot;mobile&quot;]}\" data-widget_type=\"image.default\">\n\t\t\t\t<div class=\"elementor-widget-container\">\n\t\t\t\t\t\t\t\t\t\t\t\t\t\t\t<img fetchpriority=\"high\" decoding=\"async\" width=\"1024\" height=\"683\" src=\"https:\/\/pablogarcialopez.es\/wp-content\/uploads\/2021\/07\/PGL-bio-novack-1024x683.jpg\" class=\"attachment-large size-large wp-image-716\" alt=\"\" srcset=\"https:\/\/pablogarcialopez.es\/wp-content\/uploads\/2021\/07\/PGL-bio-novack-1024x683.jpg 1024w, https:\/\/pablogarcialopez.es\/wp-content\/uploads\/2021\/07\/PGL-bio-novack-300x200.jpg 300w, https:\/\/pablogarcialopez.es\/wp-content\/uploads\/2021\/07\/PGL-bio-novack-768x512.jpg 768w, https:\/\/pablogarcialopez.es\/wp-content\/uploads\/2021\/07\/PGL-bio-novack.jpg 1350w\" sizes=\"(max-width: 1024px) 100vw, 1024px\" \/>\t\t\t\t\t\t\t\t\t\t\t\t\t\t\t<\/div>\n\t\t\t\t<\/div>\n\t\t\t\t\t<\/div>\n\t\t<\/div>\n\t\t\t\t\t<\/div>\n\t\t<\/section>\n\t\t\t\t<section class=\"elementor-section elementor-top-section elementor-element elementor-element-ea5c82c elementor-section-boxed elementor-section-height-default elementor-section-height-default\" data-id=\"ea5c82c\" data-element_type=\"section\" data-e-type=\"section\" data-settings=\"{&quot;jet_parallax_layout_list&quot;:[{&quot;jet_parallax_layout_image&quot;:{&quot;url&quot;:&quot;&quot;,&quot;id&quot;:&quot;&quot;,&quot;size&quot;:&quot;&quot;},&quot;_id&quot;:&quot;a3910b0&quot;,&quot;jet_parallax_layout_image_tablet&quot;:{&quot;url&quot;:&quot;&quot;,&quot;id&quot;:&quot;&quot;,&quot;size&quot;:&quot;&quot;},&quot;jet_parallax_layout_image_mobile&quot;:{&quot;url&quot;:&quot;&quot;,&quot;id&quot;:&quot;&quot;,&quot;size&quot;:&quot;&quot;},&quot;jet_parallax_layout_speed&quot;:{&quot;unit&quot;:&quot;%&quot;,&quot;size&quot;:50,&quot;sizes&quot;:[]},&quot;jet_parallax_layout_type&quot;:&quot;scroll&quot;,&quot;jet_parallax_layout_direction&quot;:null,&quot;jet_parallax_layout_fx_direction&quot;:null,&quot;jet_parallax_layout_z_index&quot;:&quot;&quot;,&quot;jet_parallax_layout_bg_x&quot;:50,&quot;jet_parallax_layout_bg_x_tablet&quot;:&quot;&quot;,&quot;jet_parallax_layout_bg_x_mobile&quot;:&quot;&quot;,&quot;jet_parallax_layout_bg_y&quot;:50,&quot;jet_parallax_layout_bg_y_tablet&quot;:&quot;&quot;,&quot;jet_parallax_layout_bg_y_mobile&quot;:&quot;&quot;,&quot;jet_parallax_layout_bg_size&quot;:&quot;auto&quot;,&quot;jet_parallax_layout_bg_size_tablet&quot;:&quot;&quot;,&quot;jet_parallax_layout_bg_size_mobile&quot;:&quot;&quot;,&quot;jet_parallax_layout_animation_prop&quot;:&quot;transform&quot;,&quot;jet_parallax_layout_on&quot;:[&quot;desktop&quot;,&quot;tablet&quot;]}]}\">\n\t\t\t\t\t\t<div class=\"elementor-container elementor-column-gap-default\">\n\t\t\t\t\t<div class=\"elementor-column elementor-col-100 elementor-top-column elementor-element elementor-element-5463a0d\" data-id=\"5463a0d\" data-element_type=\"column\" data-e-type=\"column\">\n\t\t\t<div class=\"elementor-widget-wrap elementor-element-populated\">\n\t\t\t\t\t\t<div class=\"elementor-element elementor-element-b231f6e elementor-widget elementor-widget-text-editor\" data-id=\"b231f6e\" data-element_type=\"widget\" data-e-type=\"widget\" data-widget_type=\"text-editor.default\">\n\t\t\t\t<div class=\"elementor-widget-container\">\n\t\t\t\t\t\t\t\t\t<p>El tenor cordob\u00e9s Pablo Garc\u00eda-L\u00f3pez es una de las j\u00f3venes promesas del mundo l\u00edrico. Elogiado por la cr\u00edtica por su \u201cmusicalidad incuestionable, atrae al oyente por la determinante belleza de su natural emisi\u00f3n, timbre y afinaci\u00f3n\u201d. Reconocido especialmente por sus refinadas interpretaciones mozartianas, tambi\u00e9n es muy solicitado tanto en el repertorio barroco como en el contempor\u00e1neo. Sus recientes actuaciones en los principales teatros de Espa\u00f1a han propiciado debuts internacionales en el Op\u00e9ra Royal de Wallonie-Li\u00e8ge, la Op\u00e9ra de Lausanne, la Royal Opera House de Mascate, el Palau de les Arts Reina Sof\u00eda de Valencia y el Th\u00e9\u00e2tre du Capitole de Toulouse. Ha trabajado con directores como Zubin Mehta, Riccardo Chailly, Jes\u00fas L\u00f3pez-Cobos y Susanna M\u00e4lkki.<\/p><p>En la temporada 2025\/26, regresa al Gran Teatre del Liceu para su debut en el rol de Bardolfo en Falstaff, canta como Pang en Turandot en el Palau de les Arts de Valencia, y como Maese Pedro en El retablo de Maese Pedro de Falla en el Teatro de la Zarzuela. En el \u00e1mbito concert\u00edstico, presenta su nuevo recital Negroni Sbagliato con la Orquesta de C\u00f3rdoba bajo la direcci\u00f3n de Aar\u00f3n Zapico, interpreta el Requiem de Mozart con la Orquesta de la Regi\u00f3n de Murcia, y la Misa n\u00ba 6 de Schubert con la Orquesta de Granada. Tambi\u00e9n canta los solos de tenor en el Mes\u00edas de H\u00e4ndel en los conciertos participativos de la Fundaci\u00f3n Caixa, junto a las orquestas de Granada y Valencia, nuevamente bajo la direcci\u00f3n de Zapico. Int\u00e9rprete apasionado del repertorio barroco, encarna el rol titular en Scipione nelle Spagne de A. Scarlatti con el ensemble La Ritirata, y lanza una nueva grabaci\u00f3n de El retorno del hijo pr\u00f3digo de Carles Baguer con Vespres d\u2019Arnad\u00ed. Su programa de c\u00e1mara Trompic\u00e1valas Amor, junto a Josetxu Obreg\u00f3n e Ignacio Prego, viajar\u00e1 al Festival Internacional de M\u00fasica de C\u00e1mara de Estambul. Tambi\u00e9n ofrecer\u00e1 un recital junto al pianista Duncan Gifford en el Auditorio del Centro de Cultura Contempor\u00e1nea CondeDuque, donde estrenar\u00e1 obras de Helena C\u00e1novas y Jes\u00fas Torres. Mientras tanto, el programa De S\u00f3pitu, junto a Forma Antiqva, contin\u00faa su gira por Espa\u00f1a tras el \u00e9xito de su grabaci\u00f3n discogr\u00e1fica.<\/p>\t\t\t\t\t\t\t\t<\/div>\n\t\t\t\t<\/div>\n\t\t\t\t<section class=\"elementor-section elementor-inner-section elementor-element elementor-element-5f6c10d elementor-section-boxed elementor-section-height-default elementor-section-height-default\" data-id=\"5f6c10d\" data-element_type=\"section\" data-e-type=\"section\" data-settings=\"{&quot;jet_parallax_layout_list&quot;:[{&quot;jet_parallax_layout_image&quot;:{&quot;url&quot;:&quot;&quot;,&quot;id&quot;:&quot;&quot;,&quot;size&quot;:&quot;&quot;},&quot;_id&quot;:&quot;5df96ba&quot;,&quot;jet_parallax_layout_image_tablet&quot;:{&quot;url&quot;:&quot;&quot;,&quot;id&quot;:&quot;&quot;,&quot;size&quot;:&quot;&quot;},&quot;jet_parallax_layout_image_mobile&quot;:{&quot;url&quot;:&quot;&quot;,&quot;id&quot;:&quot;&quot;,&quot;size&quot;:&quot;&quot;},&quot;jet_parallax_layout_speed&quot;:{&quot;unit&quot;:&quot;%&quot;,&quot;size&quot;:50,&quot;sizes&quot;:[]},&quot;jet_parallax_layout_type&quot;:&quot;scroll&quot;,&quot;jet_parallax_layout_direction&quot;:null,&quot;jet_parallax_layout_fx_direction&quot;:null,&quot;jet_parallax_layout_z_index&quot;:&quot;&quot;,&quot;jet_parallax_layout_bg_x&quot;:50,&quot;jet_parallax_layout_bg_x_tablet&quot;:&quot;&quot;,&quot;jet_parallax_layout_bg_x_mobile&quot;:&quot;&quot;,&quot;jet_parallax_layout_bg_y&quot;:50,&quot;jet_parallax_layout_bg_y_tablet&quot;:&quot;&quot;,&quot;jet_parallax_layout_bg_y_mobile&quot;:&quot;&quot;,&quot;jet_parallax_layout_bg_size&quot;:&quot;auto&quot;,&quot;jet_parallax_layout_bg_size_tablet&quot;:&quot;&quot;,&quot;jet_parallax_layout_bg_size_mobile&quot;:&quot;&quot;,&quot;jet_parallax_layout_animation_prop&quot;:&quot;transform&quot;,&quot;jet_parallax_layout_on&quot;:[&quot;desktop&quot;,&quot;tablet&quot;]}]}\">\n\t\t\t\t\t\t<div class=\"elementor-container elementor-column-gap-default\">\n\t\t\t\t\t<div class=\"elementor-column elementor-col-50 elementor-inner-column elementor-element elementor-element-0dbab61\" data-id=\"0dbab61\" data-element_type=\"column\" data-e-type=\"column\">\n\t\t\t<div class=\"elementor-widget-wrap elementor-element-populated\">\n\t\t\t\t\t\t<div class=\"elementor-element elementor-element-41e7f2f elementor-widget elementor-widget-image\" data-id=\"41e7f2f\" data-element_type=\"widget\" data-e-type=\"widget\" data-settings=\"{&quot;motion_fx_motion_fx_scrolling&quot;:&quot;yes&quot;,&quot;motion_fx_opacity_effect&quot;:&quot;yes&quot;,&quot;motion_fx_opacity_range&quot;:{&quot;unit&quot;:&quot;%&quot;,&quot;size&quot;:&quot;&quot;,&quot;sizes&quot;:{&quot;start&quot;:0,&quot;end&quot;:50}},&quot;motion_fx_opacity_direction&quot;:&quot;out-in&quot;,&quot;motion_fx_opacity_level&quot;:{&quot;unit&quot;:&quot;px&quot;,&quot;size&quot;:10,&quot;sizes&quot;:[]},&quot;motion_fx_devices&quot;:[&quot;desktop&quot;,&quot;tablet&quot;,&quot;mobile&quot;]}\" data-widget_type=\"image.default\">\n\t\t\t\t<div class=\"elementor-widget-container\">\n\t\t\t\t\t\t\t\t\t\t\t\t\t\t\t<img decoding=\"async\" width=\"700\" height=\"525\" src=\"https:\/\/pablogarcialopez.es\/wp-content\/uploads\/2021\/08\/Mozart-y-Salieri-3.jpg\" class=\"attachment-large size-large wp-image-1037\" alt=\"\" srcset=\"https:\/\/pablogarcialopez.es\/wp-content\/uploads\/2021\/08\/Mozart-y-Salieri-3.jpg 700w, https:\/\/pablogarcialopez.es\/wp-content\/uploads\/2021\/08\/Mozart-y-Salieri-3-300x225.jpg 300w\" sizes=\"(max-width: 700px) 100vw, 700px\" \/>\t\t\t\t\t\t\t\t\t\t\t\t\t\t\t<\/div>\n\t\t\t\t<\/div>\n\t\t\t\t\t<\/div>\n\t\t<\/div>\n\t\t\t\t<div class=\"elementor-column elementor-col-50 elementor-inner-column elementor-element elementor-element-1b5b209\" data-id=\"1b5b209\" data-element_type=\"column\" data-e-type=\"column\">\n\t\t\t<div class=\"elementor-widget-wrap elementor-element-populated\">\n\t\t\t\t\t\t<div class=\"elementor-element elementor-element-b227df4 elementor-widget elementor-widget-text-editor\" data-id=\"b227df4\" data-element_type=\"widget\" data-e-type=\"widget\" data-widget_type=\"text-editor.default\">\n\t\t\t\t<div class=\"elementor-widget-container\">\n\t\t\t\t\t\t\t\t\t<p>Durante la temporada 2024\/25, debut\u00f3 en la Op\u00e9ra de Tours como Monostatos en Die Zauberfl\u00f6te y actu\u00f3 en el Teatro de la Maestranza de Sevilla como Remendado en Carmen. Regres\u00f3 al Gran Teatre del Liceu como Goro en Madama Butterfly y a la \u00d3pera de Oviedo como Basilio en Le nozze di Figaro. En los Teatros del Canal, retom\u00f3 el personaje de Miguel en Don Juan no existe de Helena C\u00e1novas, papel que cre\u00f3 en su estreno mundial en el Festival de Peralada en 2024. En concierto, interpret\u00f3 Pulcinella de Stravinsky con la Orquesta Sinf\u00f3nica de Castilla y Le\u00f3n y grab\u00f3 Trompic\u00e1valas Amor junto a Ignacio Prego y Josetxu Obreg\u00f3n.<\/p>\t\t\t\t\t\t\t\t<\/div>\n\t\t\t\t<\/div>\n\t\t\t\t\t<\/div>\n\t\t<\/div>\n\t\t\t\t\t<\/div>\n\t\t<\/section>\n\t\t\t\t<div class=\"elementor-element elementor-element-7d5ec26 elementor-widget elementor-widget-text-editor\" data-id=\"7d5ec26\" data-element_type=\"widget\" data-e-type=\"widget\" data-widget_type=\"text-editor.default\">\n\t\t\t\t<div class=\"elementor-widget-container\">\n\t\t\t\t\t\t\t\t\t<p>Otros hitos recientes incluyen su debut como Monostatos en la Op\u00e9ra de Lausanne, el estreno mundial de La Regenta de Marisa Machado en Madrid, y la reposici\u00f3n de Tr\u00e1nsito de Jes\u00fas Torres en el Palau de les Arts. Tambi\u00e9n co-cre\u00f3 e interpret\u00f3 De S\u00f3pitu junto a Forma Antiqva en el Festival Internacional de Santander.<\/p><p><br \/>En temporadas anteriores, ha interpretado papeles como Ferrando (Cos\u00ec fan tutte), Belmonte (Die Entf\u00fchrung aus dem Serail), Tamino (Die Zauberfl\u00f6te), Don Ottavio (Don Giovanni), Nemorino (L\u2019elisir d\u2019amore) y Albazar (Il turco in Italia), con compa\u00f1\u00edas como el Gran Teatre del Liceu, la \u00d3pera de Oviedo, ABAO Bilbao Opera, el Teatro Real y la Op\u00e9ra de Lausanne. Como solista en concierto, ha colaborado con destacadas orquestas espa\u00f1olas \u2014entre ellas la Orquesta Nacional de Espa\u00f1a y la Orquesta de Val\u00e8ncia\u2014 en obras como el Oratorium nach Bildern der Bibel de Fanny Mendelssohn-Hensel, Les Nuits d\u2019\u00c9t\u00e9 de Berlioz y Salom\u00e9 de Richard Strauss.<\/p>\t\t\t\t\t\t\t\t<\/div>\n\t\t\t\t<\/div>\n\t\t\t\t<section class=\"elementor-section elementor-inner-section elementor-element elementor-element-1cedbe2 elementor-reverse-mobile elementor-section-boxed elementor-section-height-default elementor-section-height-default\" data-id=\"1cedbe2\" data-element_type=\"section\" data-e-type=\"section\" data-settings=\"{&quot;jet_parallax_layout_list&quot;:[{&quot;jet_parallax_layout_image&quot;:{&quot;url&quot;:&quot;&quot;,&quot;id&quot;:&quot;&quot;,&quot;size&quot;:&quot;&quot;},&quot;_id&quot;:&quot;d3d7417&quot;,&quot;jet_parallax_layout_image_tablet&quot;:{&quot;url&quot;:&quot;&quot;,&quot;id&quot;:&quot;&quot;,&quot;size&quot;:&quot;&quot;},&quot;jet_parallax_layout_image_mobile&quot;:{&quot;url&quot;:&quot;&quot;,&quot;id&quot;:&quot;&quot;,&quot;size&quot;:&quot;&quot;},&quot;jet_parallax_layout_speed&quot;:{&quot;unit&quot;:&quot;%&quot;,&quot;size&quot;:50,&quot;sizes&quot;:[]},&quot;jet_parallax_layout_type&quot;:&quot;scroll&quot;,&quot;jet_parallax_layout_direction&quot;:null,&quot;jet_parallax_layout_fx_direction&quot;:null,&quot;jet_parallax_layout_z_index&quot;:&quot;&quot;,&quot;jet_parallax_layout_bg_x&quot;:50,&quot;jet_parallax_layout_bg_x_tablet&quot;:&quot;&quot;,&quot;jet_parallax_layout_bg_x_mobile&quot;:&quot;&quot;,&quot;jet_parallax_layout_bg_y&quot;:50,&quot;jet_parallax_layout_bg_y_tablet&quot;:&quot;&quot;,&quot;jet_parallax_layout_bg_y_mobile&quot;:&quot;&quot;,&quot;jet_parallax_layout_bg_size&quot;:&quot;auto&quot;,&quot;jet_parallax_layout_bg_size_tablet&quot;:&quot;&quot;,&quot;jet_parallax_layout_bg_size_mobile&quot;:&quot;&quot;,&quot;jet_parallax_layout_animation_prop&quot;:&quot;transform&quot;,&quot;jet_parallax_layout_on&quot;:[&quot;desktop&quot;,&quot;tablet&quot;]}]}\">\n\t\t\t\t\t\t<div class=\"elementor-container elementor-column-gap-default\">\n\t\t\t\t\t<div class=\"elementor-column elementor-col-50 elementor-inner-column elementor-element elementor-element-a7e3b41\" data-id=\"a7e3b41\" data-element_type=\"column\" data-e-type=\"column\" data-settings=\"{&quot;background_background&quot;:&quot;classic&quot;}\">\n\t\t\t<div class=\"elementor-widget-wrap elementor-element-populated\">\n\t\t\t\t\t\t<div class=\"elementor-element elementor-element-ee2bb6c elementor-widget elementor-widget-text-editor\" data-id=\"ee2bb6c\" data-element_type=\"widget\" data-e-type=\"widget\" data-widget_type=\"text-editor.default\">\n\t\t\t\t<div class=\"elementor-widget-container\">\n\t\t\t\t\t\t\t\t\t<p class=\"p1\">\u00abEl tenor ofreci\u00f3 un Nemorino di grazia, con la fuerza necesaria para modelar el canto mel\u00f3dico, de car\u00e1cter melodram\u00e1tico, que traz\u00f3 Donizetti. Su voz clara y bien colocada lleg\u00f3 a la sala con naturalidad, mientras cuidaba las aristas de su personaje en la lucha por el amor de Adina, con momentos para recitados de altura y gestos de bravura \u2013a subrayar, su \u00abAdina credimi\u00bb\u2013, adem\u00e1s del aria \u00abUna furtiva lagrima\u00bb, de expresi\u00f3n personal, premiada por el p\u00fablico.\u00bb<\/p>\t\t\t\t\t\t\t\t<\/div>\n\t\t\t\t<\/div>\n\t\t\t\t<div class=\"elementor-element elementor-element-a5ca6e7 elementor-widget elementor-widget-heading\" data-id=\"a5ca6e7\" data-element_type=\"widget\" data-e-type=\"widget\" data-widget_type=\"heading.default\">\n\t\t\t\t<div class=\"elementor-widget-container\">\n\t\t\t\t\t<h3 class=\"elementor-heading-title elementor-size-default\">\u00d3pera Actual<\/h3>\t\t\t\t<\/div>\n\t\t\t\t<\/div>\n\t\t\t\t\t<\/div>\n\t\t<\/div>\n\t\t\t\t<div class=\"elementor-column elementor-col-50 elementor-inner-column elementor-element elementor-element-ad2f5bb\" data-id=\"ad2f5bb\" data-element_type=\"column\" data-e-type=\"column\">\n\t\t\t<div class=\"elementor-widget-wrap elementor-element-populated\">\n\t\t\t\t\t\t<div class=\"elementor-element elementor-element-b37ff1f elementor-widget elementor-widget-image\" data-id=\"b37ff1f\" data-element_type=\"widget\" data-e-type=\"widget\" data-settings=\"{&quot;motion_fx_motion_fx_scrolling&quot;:&quot;yes&quot;,&quot;motion_fx_translateX_effect&quot;:&quot;yes&quot;,&quot;motion_fx_translateX_affectedRange&quot;:{&quot;unit&quot;:&quot;%&quot;,&quot;size&quot;:&quot;&quot;,&quot;sizes&quot;:{&quot;start&quot;:0,&quot;end&quot;:50}},&quot;motion_fx_opacity_effect&quot;:&quot;yes&quot;,&quot;motion_fx_opacity_level&quot;:{&quot;unit&quot;:&quot;px&quot;,&quot;size&quot;:7.3,&quot;sizes&quot;:[]},&quot;motion_fx_opacity_range&quot;:{&quot;unit&quot;:&quot;%&quot;,&quot;size&quot;:&quot;&quot;,&quot;sizes&quot;:{&quot;start&quot;:20,&quot;end&quot;:50}},&quot;motion_fx_translateX_speed&quot;:{&quot;unit&quot;:&quot;px&quot;,&quot;size&quot;:4,&quot;sizes&quot;:[]},&quot;motion_fx_opacity_direction&quot;:&quot;out-in&quot;,&quot;motion_fx_devices&quot;:[&quot;desktop&quot;,&quot;tablet&quot;,&quot;mobile&quot;]}\" data-widget_type=\"image.default\">\n\t\t\t\t<div class=\"elementor-widget-container\">\n\t\t\t\t\t\t\t\t\t\t\t\t\t\t\t<img decoding=\"async\" width=\"900\" height=\"872\" src=\"https:\/\/pablogarcialopez.es\/wp-content\/uploads\/2021\/07\/CafeKafka.jpg\" class=\"attachment-full size-full wp-image-734\" alt=\"\" srcset=\"https:\/\/pablogarcialopez.es\/wp-content\/uploads\/2021\/07\/CafeKafka.jpg 900w, https:\/\/pablogarcialopez.es\/wp-content\/uploads\/2021\/07\/CafeKafka-300x291.jpg 300w, https:\/\/pablogarcialopez.es\/wp-content\/uploads\/2021\/07\/CafeKafka-768x744.jpg 768w\" sizes=\"(max-width: 900px) 100vw, 900px\" \/>\t\t\t\t\t\t\t\t\t\t\t\t\t\t\t<\/div>\n\t\t\t\t<\/div>\n\t\t\t\t\t<\/div>\n\t\t<\/div>\n\t\t\t\t\t<\/div>\n\t\t<\/section>\n\t\t\t\t\t<\/div>\n\t\t<\/div>\n\t\t\t\t\t<\/div>\n\t\t<\/section>\n\t\t\t\t<section class=\"elementor-section elementor-top-section elementor-element elementor-element-6e8cd3d elementor-section-boxed elementor-section-height-default elementor-section-height-default\" data-id=\"6e8cd3d\" data-element_type=\"section\" data-e-type=\"section\" data-settings=\"{&quot;jet_parallax_layout_list&quot;:[{&quot;jet_parallax_layout_image&quot;:{&quot;url&quot;:&quot;&quot;,&quot;id&quot;:&quot;&quot;,&quot;size&quot;:&quot;&quot;},&quot;_id&quot;:&quot;98f291e&quot;,&quot;jet_parallax_layout_image_tablet&quot;:{&quot;url&quot;:&quot;&quot;,&quot;id&quot;:&quot;&quot;,&quot;size&quot;:&quot;&quot;},&quot;jet_parallax_layout_image_mobile&quot;:{&quot;url&quot;:&quot;&quot;,&quot;id&quot;:&quot;&quot;,&quot;size&quot;:&quot;&quot;},&quot;jet_parallax_layout_speed&quot;:{&quot;unit&quot;:&quot;%&quot;,&quot;size&quot;:50,&quot;sizes&quot;:[]},&quot;jet_parallax_layout_type&quot;:&quot;scroll&quot;,&quot;jet_parallax_layout_direction&quot;:null,&quot;jet_parallax_layout_fx_direction&quot;:null,&quot;jet_parallax_layout_z_index&quot;:&quot;&quot;,&quot;jet_parallax_layout_bg_x&quot;:50,&quot;jet_parallax_layout_bg_x_tablet&quot;:&quot;&quot;,&quot;jet_parallax_layout_bg_x_mobile&quot;:&quot;&quot;,&quot;jet_parallax_layout_bg_y&quot;:50,&quot;jet_parallax_layout_bg_y_tablet&quot;:&quot;&quot;,&quot;jet_parallax_layout_bg_y_mobile&quot;:&quot;&quot;,&quot;jet_parallax_layout_bg_size&quot;:&quot;auto&quot;,&quot;jet_parallax_layout_bg_size_tablet&quot;:&quot;&quot;,&quot;jet_parallax_layout_bg_size_mobile&quot;:&quot;&quot;,&quot;jet_parallax_layout_animation_prop&quot;:&quot;transform&quot;,&quot;jet_parallax_layout_on&quot;:[&quot;desktop&quot;,&quot;tablet&quot;]}]}\">\n\t\t\t\t\t\t<div class=\"elementor-container elementor-column-gap-default\">\n\t\t\t\t\t<div class=\"elementor-column elementor-col-100 elementor-top-column elementor-element elementor-element-29de1db\" data-id=\"29de1db\" data-element_type=\"column\" data-e-type=\"column\">\n\t\t\t<div class=\"elementor-widget-wrap elementor-element-populated\">\n\t\t\t\t\t\t<div class=\"elementor-element elementor-element-fb47540 elementor-widget elementor-widget-text-editor\" data-id=\"fb47540\" data-element_type=\"widget\" data-e-type=\"widget\" data-widget_type=\"text-editor.default\">\n\t\t\t\t<div class=\"elementor-widget-container\">\n\t\t\t\t\t\t\t\t\t<p>Pablo mantiene un fuerte compromiso con la creaci\u00f3n contempor\u00e1nea, habiendo estrenado obras como Don Juan no existe (Helena C\u00e1novas), Tr\u00e1nsito y Hijo M\u00edo (Jes\u00fas Torres), Sinfon\u00eda C\u00f3rdoba y Escenas de una primavera alemana (Lorenzo Palomo), Fuenteovejuna (Jorge Mu\u00f1iz), El guardi\u00e1n de los cuentos (Miquel Ortega), Caf\u00e9 Kafka (Francisco Coll) y Caminos de la tarde (Hermes Luaces).<\/p><p><br \/>Nacido en C\u00f3rdoba, inici\u00f3 sus estudios de canto en el conservatorio de su ciudad natal con el tenor Juan Luque, y prosigui\u00f3 en la Universit\u00e4t Mozarteum de Salzburgo y en el Centre de Perfeccionamiento Pl\u00e1cido Domingo del Palau de les Arts. Finaliz\u00f3 su formaci\u00f3n en Berl\u00edn con John Norris. En 2020 fue galardonado con la Bandera de las Artes de Andaluc\u00eda y, m\u00e1s recientemente, nombrado acad\u00e9mico de la Real Academia de las Ciencias, Bellas Letras y Nobles Artes de C\u00f3rdoba por su trayectoria art\u00edstica y contribuci\u00f3n al patrimonio cultural.<\/p><p><br \/>Su discograf\u00eda incluye el \u00e1lbum en solitario Rutas junto al pianista Aurelio Viribay \u2014premiado con el Mel\u00f3mano de Oro\u2014, as\u00ed como grabaciones de Turandot (Decca) con Zubin Mehta, La Boh\u00e8me (Accentus) con Riccardo Chailly, y la Sinfon\u00eda C\u00f3rdoba de Palomo (Naxos) con Jes\u00fas L\u00f3pez-Cobos. En 2025 public\u00f3 De S\u00f3pitu con Forma Antiqva bajo la direcci\u00f3n de Aar\u00f3n Zapico, y en la temporada 2025\/26 ver\u00e1 la luz la grabaci\u00f3n de El retorno del hijo pr\u00f3digo de Carles Baguer con Vespres d\u2019Arnadi.<\/p>\t\t\t\t\t\t\t\t<\/div>\n\t\t\t\t<\/div>\n\t\t\t\t<div class=\"elementor-element elementor-element-bc8d700 elementor-align-center elementor-widget elementor-widget-button\" data-id=\"bc8d700\" data-element_type=\"widget\" data-e-type=\"widget\" data-widget_type=\"button.default\">\n\t\t\t\t<div class=\"elementor-widget-container\">\n\t\t\t\t\t\t\t\t\t<div class=\"elementor-button-wrapper\">\n\t\t\t\t\t<a class=\"elementor-button elementor-button-link elementor-size-sm elementor-animation-bob\" href=\"https:\/\/pablogarcialopez.es\/wp-content\/uploads\/2025\/08\/Press-Kit-2025.zip\">\n\t\t\t\t\t\t<span class=\"elementor-button-content-wrapper\">\n\t\t\t\t\t\t\t\t\t<span class=\"elementor-button-text\">Descargar kit de prensa<\/span>\n\t\t\t\t\t<\/span>\n\t\t\t\t\t<\/a>\n\t\t\t\t<\/div>\n\t\t\t\t\t\t\t\t<\/div>\n\t\t\t\t<\/div>\n\t\t\t\t\t<\/div>\n\t\t<\/div>\n\t\t\t\t\t<\/div>\n\t\t<\/section>\n\t\t\t\t<\/div>\n\t\t","protected":false},"excerpt":{"rendered":"<p>Biograf\u00eda Biograf\u00eda El tenor cordob\u00e9s Pablo Garc\u00eda-L\u00f3pez es una de las j\u00f3venes promesas del mundo l\u00edrico. Elogiado por la cr\u00edtica por su \u201cmusicalidad incuestionable, atrae al oyente por la determinante belleza de su natural emisi\u00f3n, timbre y afinaci\u00f3n\u201d. Reconocido especialmente por sus refinadas interpretaciones mozartianas, tambi\u00e9n es muy solicitado tanto en el repertorio barroco como [&hellip;]<\/p>\n","protected":false},"author":1,"featured_media":0,"parent":0,"menu_order":0,"comment_status":"closed","ping_status":"closed","template":"","meta":{"_acf_changed":false,"site-sidebar-layout":"no-sidebar","site-content-layout":"page-builder","ast-site-content-layout":"default","site-content-style":"default","site-sidebar-style":"default","ast-global-header-display":"","ast-banner-title-visibility":"","ast-main-header-display":"","ast-hfb-above-header-display":"","ast-hfb-below-header-display":"","ast-hfb-mobile-header-display":"","site-post-title":"disabled","ast-breadcrumbs-content":"","ast-featured-img":"disabled","footer-sml-layout":"","ast-disable-related-posts":"","theme-transparent-header-meta":"default","adv-header-id-meta":"","stick-header-meta":"","header-above-stick-meta":"","header-main-stick-meta":"","header-below-stick-meta":"","astra-migrate-meta-layouts":"default","ast-page-background-enabled":"default","ast-page-background-meta":{"desktop":{"background-color":"","background-image":"","background-repeat":"repeat","background-position":"center center","background-size":"auto","background-attachment":"scroll","background-type":"","background-media":"","overlay-type":"","overlay-color":"","overlay-opacity":"","overlay-gradient":""},"tablet":{"background-color":"","background-image":"","background-repeat":"repeat","background-position":"center center","background-size":"auto","background-attachment":"scroll","background-type":"","background-media":"","overlay-type":"","overlay-color":"","overlay-opacity":"","overlay-gradient":""},"mobile":{"background-color":"","background-image":"","background-repeat":"repeat","background-position":"center center","background-size":"auto","background-attachment":"scroll","background-type":"","background-media":"","overlay-type":"","overlay-color":"","overlay-opacity":"","overlay-gradient":""}},"ast-content-background-meta":{"desktop":{"background-color":"var(--ast-global-color-5)","background-image":"","background-repeat":"repeat","background-position":"center center","background-size":"auto","background-attachment":"scroll","background-type":"","background-media":"","overlay-type":"","overlay-color":"","overlay-opacity":"","overlay-gradient":""},"tablet":{"background-color":"var(--ast-global-color-5)","background-image":"","background-repeat":"repeat","background-position":"center center","background-size":"auto","background-attachment":"scroll","background-type":"","background-media":"","overlay-type":"","overlay-color":"","overlay-opacity":"","overlay-gradient":""},"mobile":{"background-color":"var(--ast-global-color-5)","background-image":"","background-repeat":"repeat","background-position":"center center","background-size":"auto","background-attachment":"scroll","background-type":"","background-media":"","overlay-type":"","overlay-color":"","overlay-opacity":"","overlay-gradient":""}},"footnotes":""},"class_list":["post-320","page","type-page","status-publish","hentry"],"acf":[],"yoast_head":"<!-- This site is optimized with the Yoast SEO plugin v27.5 - https:\/\/yoast.com\/product\/yoast-seo-wordpress\/ -->\n<title>Biograf\u00eda - Pablo Garc&iacute;a-L&oacute;pez | Tenor<\/title>\n<meta name=\"robots\" content=\"index, follow, max-snippet:-1, max-image-preview:large, max-video-preview:-1\" \/>\n<link rel=\"canonical\" href=\"https:\/\/pablogarcialopez.es\/en\/biografia\/\" \/>\n<meta property=\"og:locale\" content=\"en_GB\" \/>\n<meta property=\"og:type\" content=\"article\" \/>\n<meta property=\"og:title\" content=\"Biograf\u00eda - Pablo Garc&iacute;a-L&oacute;pez | Tenor\" \/>\n<meta property=\"og:description\" content=\"Biograf\u00eda Biograf\u00eda El tenor cordob\u00e9s Pablo Garc\u00eda-L\u00f3pez es una de las j\u00f3venes promesas del mundo l\u00edrico. Elogiado por la cr\u00edtica por su \u201cmusicalidad incuestionable, atrae al oyente por la determinante belleza de su natural emisi\u00f3n, timbre y afinaci\u00f3n\u201d. Reconocido especialmente por sus refinadas interpretaciones mozartianas, tambi\u00e9n es muy solicitado tanto en el repertorio barroco como [&hellip;]\" \/>\n<meta property=\"og:url\" content=\"https:\/\/pablogarcialopez.es\/en\/biografia\/\" \/>\n<meta property=\"og:site_name\" content=\"Pablo Garc&iacute;a-L&oacute;pez | Tenor\" \/>\n<meta property=\"article:modified_time\" content=\"2025-08-01T14:53:03+00:00\" \/>\n<meta property=\"og:image\" content=\"https:\/\/pablogarcialopez.es\/wp-content\/uploads\/2021\/07\/PGL-bio-novack.jpg\" \/>\n\t<meta property=\"og:image:width\" content=\"1350\" \/>\n\t<meta property=\"og:image:height\" content=\"900\" \/>\n\t<meta property=\"og:image:type\" content=\"image\/jpeg\" \/>\n<meta name=\"twitter:card\" content=\"summary_large_image\" \/>\n<meta name=\"twitter:label1\" content=\"Estimated reading time\" \/>\n\t<meta name=\"twitter:data1\" content=\"5 minutes\" \/>\n<script type=\"application\/ld+json\" class=\"yoast-schema-graph\">{\"@context\":\"https:\\\/\\\/schema.org\",\"@graph\":[{\"@type\":\"WebPage\",\"@id\":\"https:\\\/\\\/pablogarcialopez.es\\\/biografia\\\/\",\"url\":\"https:\\\/\\\/pablogarcialopez.es\\\/biografia\\\/\",\"name\":\"Biograf\u00eda - Pablo Garc&iacute;a-L&oacute;pez | Tenor\",\"isPartOf\":{\"@id\":\"https:\\\/\\\/pablogarcialopez.es\\\/#website\"},\"primaryImageOfPage\":{\"@id\":\"https:\\\/\\\/pablogarcialopez.es\\\/biografia\\\/#primaryimage\"},\"image\":{\"@id\":\"https:\\\/\\\/pablogarcialopez.es\\\/biografia\\\/#primaryimage\"},\"thumbnailUrl\":\"https:\\\/\\\/pablogarcialopez.es\\\/wp-content\\\/uploads\\\/2021\\\/07\\\/PGL-bio-novack-1024x683.jpg\",\"datePublished\":\"2021-07-28T18:44:46+00:00\",\"dateModified\":\"2025-08-01T14:53:03+00:00\",\"breadcrumb\":{\"@id\":\"https:\\\/\\\/pablogarcialopez.es\\\/biografia\\\/#breadcrumb\"},\"inLanguage\":\"en-GB\",\"potentialAction\":[{\"@type\":\"ReadAction\",\"target\":[\"https:\\\/\\\/pablogarcialopez.es\\\/biografia\\\/\"]}]},{\"@type\":\"ImageObject\",\"inLanguage\":\"en-GB\",\"@id\":\"https:\\\/\\\/pablogarcialopez.es\\\/biografia\\\/#primaryimage\",\"url\":\"https:\\\/\\\/pablogarcialopez.es\\\/wp-content\\\/uploads\\\/2021\\\/07\\\/PGL-bio-novack-1024x683.jpg\",\"contentUrl\":\"https:\\\/\\\/pablogarcialopez.es\\\/wp-content\\\/uploads\\\/2021\\\/07\\\/PGL-bio-novack-1024x683.jpg\"},{\"@type\":\"BreadcrumbList\",\"@id\":\"https:\\\/\\\/pablogarcialopez.es\\\/biografia\\\/#breadcrumb\",\"itemListElement\":[{\"@type\":\"ListItem\",\"position\":1,\"name\":\"Portada\",\"item\":\"https:\\\/\\\/pablogarcialopez.es\\\/\"},{\"@type\":\"ListItem\",\"position\":2,\"name\":\"Biograf\u00eda\"}]},{\"@type\":\"WebSite\",\"@id\":\"https:\\\/\\\/pablogarcialopez.es\\\/#website\",\"url\":\"https:\\\/\\\/pablogarcialopez.es\\\/\",\"name\":\"Pablo Garc&iacute;a-L&oacute;pez | Tenor\",\"description\":\"Pablo Garc\u00eda-L\u00f3pez\",\"potentialAction\":[{\"@type\":\"SearchAction\",\"target\":{\"@type\":\"EntryPoint\",\"urlTemplate\":\"https:\\\/\\\/pablogarcialopez.es\\\/?s={search_term_string}\"},\"query-input\":{\"@type\":\"PropertyValueSpecification\",\"valueRequired\":true,\"valueName\":\"search_term_string\"}}],\"inLanguage\":\"en-GB\"}]}<\/script>\n<!-- \/ Yoast SEO plugin. -->","yoast_head_json":{"title":"Biograf\u00eda - Pablo Garc&iacute;a-L&oacute;pez | Tenor","robots":{"index":"index","follow":"follow","max-snippet":"max-snippet:-1","max-image-preview":"max-image-preview:large","max-video-preview":"max-video-preview:-1"},"canonical":"https:\/\/pablogarcialopez.es\/en\/biografia\/","og_locale":"en_GB","og_type":"article","og_title":"Biograf\u00eda - Pablo Garc&iacute;a-L&oacute;pez | Tenor","og_description":"Biograf\u00eda Biograf\u00eda El tenor cordob\u00e9s Pablo Garc\u00eda-L\u00f3pez es una de las j\u00f3venes promesas del mundo l\u00edrico. Elogiado por la cr\u00edtica por su \u201cmusicalidad incuestionable, atrae al oyente por la determinante belleza de su natural emisi\u00f3n, timbre y afinaci\u00f3n\u201d. Reconocido especialmente por sus refinadas interpretaciones mozartianas, tambi\u00e9n es muy solicitado tanto en el repertorio barroco como [&hellip;]","og_url":"https:\/\/pablogarcialopez.es\/en\/biografia\/","og_site_name":"Pablo Garc&iacute;a-L&oacute;pez | Tenor","article_modified_time":"2025-08-01T14:53:03+00:00","og_image":[{"width":1350,"height":900,"url":"https:\/\/pablogarcialopez.es\/wp-content\/uploads\/2021\/07\/PGL-bio-novack.jpg","type":"image\/jpeg"}],"twitter_card":"summary_large_image","twitter_misc":{"Estimated reading time":"5 minutes"},"schema":{"@context":"https:\/\/schema.org","@graph":[{"@type":"WebPage","@id":"https:\/\/pablogarcialopez.es\/biografia\/","url":"https:\/\/pablogarcialopez.es\/biografia\/","name":"Biograf\u00eda - Pablo Garc&iacute;a-L&oacute;pez | Tenor","isPartOf":{"@id":"https:\/\/pablogarcialopez.es\/#website"},"primaryImageOfPage":{"@id":"https:\/\/pablogarcialopez.es\/biografia\/#primaryimage"},"image":{"@id":"https:\/\/pablogarcialopez.es\/biografia\/#primaryimage"},"thumbnailUrl":"https:\/\/pablogarcialopez.es\/wp-content\/uploads\/2021\/07\/PGL-bio-novack-1024x683.jpg","datePublished":"2021-07-28T18:44:46+00:00","dateModified":"2025-08-01T14:53:03+00:00","breadcrumb":{"@id":"https:\/\/pablogarcialopez.es\/biografia\/#breadcrumb"},"inLanguage":"en-GB","potentialAction":[{"@type":"ReadAction","target":["https:\/\/pablogarcialopez.es\/biografia\/"]}]},{"@type":"ImageObject","inLanguage":"en-GB","@id":"https:\/\/pablogarcialopez.es\/biografia\/#primaryimage","url":"https:\/\/pablogarcialopez.es\/wp-content\/uploads\/2021\/07\/PGL-bio-novack-1024x683.jpg","contentUrl":"https:\/\/pablogarcialopez.es\/wp-content\/uploads\/2021\/07\/PGL-bio-novack-1024x683.jpg"},{"@type":"BreadcrumbList","@id":"https:\/\/pablogarcialopez.es\/biografia\/#breadcrumb","itemListElement":[{"@type":"ListItem","position":1,"name":"Portada","item":"https:\/\/pablogarcialopez.es\/"},{"@type":"ListItem","position":2,"name":"Biograf\u00eda"}]},{"@type":"WebSite","@id":"https:\/\/pablogarcialopez.es\/#website","url":"https:\/\/pablogarcialopez.es\/","name":"Pablo Garc&iacute;a-L&oacute;pez | Tenor","description":"Pablo Garc\u00eda-L\u00f3pez","potentialAction":[{"@type":"SearchAction","target":{"@type":"EntryPoint","urlTemplate":"https:\/\/pablogarcialopez.es\/?s={search_term_string}"},"query-input":{"@type":"PropertyValueSpecification","valueRequired":true,"valueName":"search_term_string"}}],"inLanguage":"en-GB"}]}},"_links":{"self":[{"href":"https:\/\/pablogarcialopez.es\/en\/wp-json\/wp\/v2\/pages\/320","targetHints":{"allow":["GET"]}}],"collection":[{"href":"https:\/\/pablogarcialopez.es\/en\/wp-json\/wp\/v2\/pages"}],"about":[{"href":"https:\/\/pablogarcialopez.es\/en\/wp-json\/wp\/v2\/types\/page"}],"author":[{"embeddable":true,"href":"https:\/\/pablogarcialopez.es\/en\/wp-json\/wp\/v2\/users\/1"}],"replies":[{"embeddable":true,"href":"https:\/\/pablogarcialopez.es\/en\/wp-json\/wp\/v2\/comments?post=320"}],"version-history":[{"count":23,"href":"https:\/\/pablogarcialopez.es\/en\/wp-json\/wp\/v2\/pages\/320\/revisions"}],"predecessor-version":[{"id":3531,"href":"https:\/\/pablogarcialopez.es\/en\/wp-json\/wp\/v2\/pages\/320\/revisions\/3531"}],"wp:attachment":[{"href":"https:\/\/pablogarcialopez.es\/en\/wp-json\/wp\/v2\/media?parent=320"}],"curies":[{"name":"wp","href":"https:\/\/api.w.org\/{rel}","templated":true}]}}